{"id":782,"date":"2017-09-24T15:57:24","date_gmt":"2017-09-24T15:57:24","guid":{"rendered":"https:\/\/kroneisl-stahl.com\/inhaltsseite-1"},"modified":"2019-10-21T07:31:57","modified_gmt":"2019-10-21T07:31:57","slug":"logistik-verpackung","status":"publish","type":"page","link":"https:\/\/kroneisl-stahl.com\/hu\/logistik-verpackung\/","title":{"rendered":"Logisztika"},"content":{"rendered":"<h2 style=\"text-align: center;\">BIZTOS\u00cdTJUK A SZ\u00dcKS\u00c9GES SZ\u00c1LL\u00cdT\u00c1SI LEHET\u0150S\u00c9GEKET \u00c9S CSOMAGOL\u00c1ST\u00cdPUSOKAT<\/h2>\n<p>Min\u0151s\u00e9gi szabv\u00e1nyunk munkat\u00e1rsaink t\u00f6bb\u00e9ves tapasztalat\u00e1n alapszik, \u00e9s t\u00f6bbek k\u00f6z\u00f6tt a be\u00e9rkez\u0151 \u00e1ru pontos ellen\u0151rz\u00e9se, valamint a rendk\u00edv\u00fcli sz\u00e1ll\u00edt\u00e1si rugalmass\u00e1g jellemzi. Hossz\u00fa t\u00e1v\u00fa meg\u00e1llapod\u00e1sok eset\u00e9n biztos\u00edtjuk a megfelel\u0151 k\u00f6ztes rakt\u00e1roz\u00e1st. Sz\u00e1munkra mag\u00e1t\u00f3l \u00e9rtet\u0151d\u0151 a min\u0151s\u00e9gtechnikai szempontb\u00f3l fontos dokumentumok (pl. anyagvizsg\u00e1lati bizony\u00edtv\u00e1nyok) meg\u0151rz\u00e9se, \u00e9s garant\u00e1ljuk a hi\u00e1nytalan visszak\u00f6vethet\u0151s\u00e9get. Term\u00e9keinket az \u00d6n \u00fatmutat\u00e1sainak megfelel\u0151en csomagoljuk \u00e9s k\u00e9r\u00e9s\u00e9nek megfelel\u0151en rakodjuk be.T\u00f6bb mint 30 sz\u00e1ll\u00edtm\u00e1nyoz\u00f3 c\u00e9ggel m\u0171k\u00f6d\u00fcnk egy\u00fctt, akik gondoskodnak a megrendelt \u00e1ru pontos \u00e9s s\u00e9rtetlen kisz\u00e1ll\u00edt\u00e1s\u00e1r\u00f3l. Sz\u00e1ll\u00edt\u00e1si, rakt\u00e1roz\u00e1si \u00e9s v\u00e1mlogisztikai partnereink z\u00f6kken\u0151mentesen \u00e9s k\u00f6lts\u00e9ghat\u00e9konyan v\u00e9gzik munk\u00e1jukat.<\/p>\n<p>Leggyakrabban a k\u00f6vetkez\u0151 felt\u00e9telekkel v\u00e9gezz\u00fck a kisz\u00e1ll\u00edt\u00e1st \u00e9s az \u00fcgyletek lebonyol\u00edt\u00e1s\u00e1t (Incoterms 2010): <strong>EXW<\/strong> (Ex Works \/ gy\u00e1rb\u00f3l), <strong>FCA<\/strong> (Free Carrier \/ k\u00f6lts\u00e9gmentesen a fuvaroz\u00f3nak \u00e1tadva), <strong>CPT<\/strong> (Carriage Paid To \/ fuvaroz\u00e1s fizetve), <strong>DAP<\/strong> (Delivered at Place \/ meghat\u00e1rozott helyre sz\u00e1ll\u00edt\u00e1s) \u00e9s <strong>DDP<\/strong> (Delivered Duty Paid \/ lesz\u00e1ll\u00edtva v\u00e1mfizet\u00e9ssel).F\u00fcggetlen\u00fcl att\u00f3l, hogy gyors \u00e9s egyszeri kisz\u00e1ll\u00edt\u00e1st k\u00e9r 9 rakt\u00e1runk egyik\u00e9b\u0151l, vagy rendszeres megrendel\u00e9st b\u00edz r\u00e1nk, logisztikai csapatunk k\u00e9szs\u00e9ggel \u00e1ll rendelkez\u00e9s\u00e9re.<\/p>\n<table>\n<tbody>\n<tr>\n<td>\n<p style=\"text-align: center;\"><img loading=\"lazy\" decoding=\"async\" class=\"alignnone wp-image-388\" src=\"https:\/\/kroneisl-stahl.com\/wp-content\/uploads\/2018\/01\/DSCF0048-300x195.jpg\" alt=\"Logistiklager Transport\" width=\"291\" height=\"189\" srcset=\"https:\/\/kroneisl-stahl.com\/wp-content\/uploads\/2018\/01\/DSCF0048-300x195.jpg 300w, https:\/\/kroneisl-stahl.com\/wp-content\/uploads\/2018\/01\/DSCF0048-768x499.jpg 768w, https:\/\/kroneisl-stahl.com\/wp-content\/uploads\/2018\/01\/DSCF0048-1024x665.jpg 1024w\" sizes=\"auto, (max-width: 291px) 100vw, 291px\" \/><\/p>\n<p style=\"text-align: center;\"><span class=\"blue_11\">Teheraut\u00f3<\/span><\/p>\n<\/td>\n<td>\n<p style=\"text-align: center;\"><img loading=\"lazy\" decoding=\"async\" class=\" wp-image-391 aligncenter\" src=\"https:\/\/kroneisl-stahl.com\/wp-content\/uploads\/2018\/01\/DSCF0087-300x195.jpg\" alt=\"Coils Logistik Zug\" width=\"282\" height=\"183\" srcset=\"https:\/\/kroneisl-stahl.com\/wp-content\/uploads\/2018\/01\/DSCF0087-300x195.jpg 300w, https:\/\/kroneisl-stahl.com\/wp-content\/uploads\/2018\/01\/DSCF0087-768x499.jpg 768w, https:\/\/kroneisl-stahl.com\/wp-content\/uploads\/2018\/01\/DSCF0087-1024x665.jpg 1024w\" sizes=\"auto, (max-width: 282px) 100vw, 282px\" \/><span class=\"blue_11\">Kocs<\/span>i<\/p>\n<\/td>\n<td>\n<p style=\"text-align: center;\"><img loading=\"lazy\" decoding=\"async\" class=\"wp-image-1326 alignnone\" src=\"https:\/\/kroneisl-stahl.com\/wp-content\/uploads\/2017\/09\/mulde-300x195.jpg\" alt=\"\" width=\"292\" height=\"190\" srcset=\"https:\/\/kroneisl-stahl.com\/wp-content\/uploads\/2017\/09\/mulde-300x195.jpg 300w, https:\/\/kroneisl-stahl.com\/wp-content\/uploads\/2017\/09\/mulde.jpg 350w\" sizes=\"auto, (max-width: 292px) 100vw, 292px\" \/><\/p>\n<p style=\"text-align: center;\">Egyetlen gy\u0171r\u0171 \u00e9s daru gall\u00e9r<\/p>\n<\/td>\n<\/tr>\n<tr>\n<td>\n<p style=\"text-align: center;\"><img loading=\"lazy\" decoding=\"async\" class=\"wp-image-2070 aligncenter\" src=\"https:\/\/kroneisl-stahl.com\/wp-content\/uploads\/2018\/10\/shutterstock_478357411-300x199.jpg\" alt=\"\" width=\"326\" height=\"216\" srcset=\"https:\/\/kroneisl-stahl.com\/wp-content\/uploads\/2018\/10\/shutterstock_478357411-300x199.jpg 300w, https:\/\/kroneisl-stahl.com\/wp-content\/uploads\/2018\/10\/shutterstock_478357411-768x511.jpg 768w, https:\/\/kroneisl-stahl.com\/wp-content\/uploads\/2018\/10\/shutterstock_478357411-1024x681.jpg 1024w\" sizes=\"auto, (max-width: 326px) 100vw, 326px\" \/>Tekercs a fa talapzaton<\/p>\n<\/td>\n<td>\n<p style=\"text-align: center;\"><img loading=\"lazy\" decoding=\"async\" class=\"wp-image-1460 aligncenter\" src=\"https:\/\/kroneisl-stahl.com\/wp-content\/uploads\/2017\/09\/20171215_092916-287x300.jpg\" alt=\"\" width=\"218\" height=\"228\" srcset=\"https:\/\/kroneisl-stahl.com\/wp-content\/uploads\/2017\/09\/20171215_092916-287x300.jpg 287w, https:\/\/kroneisl-stahl.com\/wp-content\/uploads\/2017\/09\/20171215_092916-768x804.jpg 768w, https:\/\/kroneisl-stahl.com\/wp-content\/uploads\/2017\/09\/20171215_092916-978x1024.jpg 978w\" sizes=\"auto, (max-width: 218px) 100vw, 218px\" \/>Gy\u0171r\u0171k az eldobhat\u00f3 raklapokon<\/p>\n<\/td>\n<td>\n<p style=\"text-align: center;\"><span style=\"font-family: inherit; background-color: transparent;\"><img loading=\"lazy\" decoding=\"async\" class=\"alignnone wp-image-1961\" src=\"https:\/\/kroneisl-stahl.com\/wp-content\/uploads\/2018\/08\/20130917_092623829_iOS-e1533981910144-225x300.jpg\" alt=\"\" width=\"187\" height=\"249\" srcset=\"https:\/\/kroneisl-stahl.com\/wp-content\/uploads\/2018\/08\/20130917_092623829_iOS-e1533981910144-225x300.jpg 225w, https:\/\/kroneisl-stahl.com\/wp-content\/uploads\/2018\/08\/20130917_092623829_iOS-e1533981910144-768x1024.jpg 768w\" sizes=\"auto, (max-width: 187px) 100vw, 187px\" \/><\/span><\/p>\n<p style=\"text-align: center;\"><span style=\"font-family: inherit; background-color: transparent;\">Tekercs fa<\/span><\/p>\n<\/td>\n<\/tr>\n<tr>\n<td><img loading=\"lazy\" decoding=\"async\" class=\"wp-image-1469 aligncenter\" src=\"https:\/\/kroneisl-stahl.com\/wp-content\/uploads\/2017\/09\/DSCF0005-300x185.jpg\" alt=\"\" width=\"323\" height=\"199\" srcset=\"https:\/\/kroneisl-stahl.com\/wp-content\/uploads\/2017\/09\/DSCF0005-300x185.jpg 300w, https:\/\/kroneisl-stahl.com\/wp-content\/uploads\/2017\/09\/DSCF0005-768x475.jpg 768w, https:\/\/kroneisl-stahl.com\/wp-content\/uploads\/2017\/09\/DSCF0005-1024x633.jpg 1024w, https:\/\/kroneisl-stahl.com\/wp-content\/uploads\/2017\/09\/DSCF0005.jpg 1497w\" sizes=\"auto, (max-width: 323px) 100vw, 323px\" \/><\/p>\n<p style=\"text-align: center;\">N\u00e9gyzetes fa raklap \/ csomagol\u00f3 tekercs<\/p>\n<\/td>\n<td>\n<p style=\"text-align: center;\"><img loading=\"lazy\" decoding=\"async\" class=\" wp-image-1973 aligncenter\" src=\"https:\/\/kroneisl-stahl.com\/wp-content\/uploads\/2018\/08\/20140617_081953613_iOS-300x225.jpg\" alt=\"\" width=\"271\" height=\"203\" srcset=\"https:\/\/kroneisl-stahl.com\/wp-content\/uploads\/2018\/08\/20140617_081953613_iOS-300x225.jpg 300w, https:\/\/kroneisl-stahl.com\/wp-content\/uploads\/2018\/08\/20140617_081953613_iOS-768x576.jpg 768w, https:\/\/kroneisl-stahl.com\/wp-content\/uploads\/2018\/08\/20140617_081953613_iOS-1024x768.jpg 1024w\" sizes=\"auto, (max-width: 271px) 100vw, 271px\" \/><\/p>\n<div class=\"QmZWSe\">\n<div class=\"DHcWmd\"><\/div>\n<\/div>\n<div class=\"oSioSc\">\n<div id=\"tw-target\">\n<div id=\"kAz1tf\" class=\"g9WsWb\">\n<div id=\"tw-target-text-container\" class=\"tw-ta-container tw-nfl\">\n<div id=\"tw-target-text-container\" class=\"tw-ta-container tw-nfl\">\n<p id=\"tw-target-text\" class=\"tw-data-text tw-text-large tw-ta\" dir=\"ltr\" style=\"text-align: center;\" data-placeholder=\"\u00dcbersetzung\"><span lang=\"hu\" tabindex=\"0\">A leveleket a sz\u00f6gezett vagy a nem keret n\u00e9lk\u00fcli fa raklapokon l\u00e1thatja el<\/span><\/p>\n<\/div>\n<div id=\"z6maec\" class=\"tw-ta-container tw-nfl\">\n<pre id=\"tw-target-rmn\" class=\"tw-data-placeholder tw-text-small tw-ta\" dir=\"ltr\" data-placeholder=\"\"><\/pre>\n<\/div>\n<p id=\"tw-target-text\" class=\"tw-data-text tw-text-large tw-ta\" dir=\"ltr\" style=\"text-align: center;\" data-placeholder=\"\u00dcbersetzung\"><span lang=\"hu\" tabindex=\"0\">\u00a0<\/span><\/p>\n<\/div>\n<div id=\"z6maec\" class=\"tw-ta-container tw-nfl\">\n<pre id=\"tw-target-rmn\" class=\"tw-data-placeholder tw-text-small tw-ta\" dir=\"ltr\" data-placeholder=\"\"><\/pre>\n<\/div>\n<\/div>\n<\/div>\n<\/div>\n<\/td>\n<td>\n<p style=\"text-align: center;\"><img loading=\"lazy\" decoding=\"async\" class=\" wp-image-1969 aligncenter\" src=\"https:\/\/kroneisl-stahl.com\/wp-content\/uploads\/2018\/08\/20140401_083902555_iOS-300x225.jpg\" alt=\"\" width=\"271\" height=\"203\" srcset=\"https:\/\/kroneisl-stahl.com\/wp-content\/uploads\/2018\/08\/20140401_083902555_iOS-300x225.jpg 300w, https:\/\/kroneisl-stahl.com\/wp-content\/uploads\/2018\/08\/20140401_083902555_iOS-768x576.jpg 768w, https:\/\/kroneisl-stahl.com\/wp-content\/uploads\/2018\/08\/20140401_083902555_iOS-1024x768.jpg 1024w\" sizes=\"auto, (max-width: 271px) 100vw, 271px\" \/><\/p>\n<div class=\"QmZWSe\">\n<div class=\"DHcWmd\"><\/div>\n<\/div>\n<div class=\"oSioSc\">\n<div id=\"tw-target\">\n<div id=\"kAz1tf\" class=\"g9WsWb\">\n<div id=\"tw-target-text-container\" class=\"tw-ta-container tw-nfl\">\n<p id=\"tw-target-text\" class=\"tw-data-text tw-text-large tw-ta\" dir=\"ltr\" style=\"text-align: center;\" data-placeholder=\"\u00dcbersetzung\"><span lang=\"hu\" tabindex=\"0\">Levelek a m\u00f6g\u00f6ttes erd\u0151kben<\/span><\/p>\n<\/div>\n<\/div>\n<\/div>\n<\/div>\n<\/td>\n<\/tr>\n<\/tbody>\n<\/table>\n<p><\/p>\n","protected":false},"excerpt":{"rendered":"<p>BIZTOS\u00cdTJUK A SZ\u00dcKS\u00c9GES SZ\u00c1LL\u00cdT\u00c1SI LEHET\u0150S\u00c9GEKET \u00c9S CSOMAGOL\u00c1ST\u00cdPUSOKAT Min\u0151s\u00e9gi szabv\u00e1nyunk munkat\u00e1rsaink t\u00f6bb\u00e9ves tapasztalat\u00e1n alapszik, \u00e9s t\u00f6bbek k\u00f6z\u00f6tt a be\u00e9rkez\u0151 \u00e1ru pontos ellen\u0151rz\u00e9se, valamint a rendk\u00edv\u00fcli sz\u00e1ll\u00edt\u00e1si rugalmass\u00e1g jellemzi. Hossz\u00fa t\u00e1v\u00fa meg\u00e1llapod\u00e1sok eset\u00e9n biztos\u00edtjuk a megfelel\u0151 k\u00f6ztes rakt\u00e1roz\u00e1st. Sz\u00e1munkra mag\u00e1t\u00f3l \u00e9rtet\u0151d\u0151 a min\u0151s\u00e9gtechnikai szempontb\u00f3l fontos dokumentumok (pl. anyagvizsg\u00e1lati bizony\u00edtv\u00e1nyok) meg\u0151rz\u00e9se, \u00e9s garant\u00e1ljuk a hi\u00e1nytalan visszak\u00f6vethet\u0151s\u00e9get. Term\u00e9keinket az &hellip; <a href=\"https:\/\/kroneisl-stahl.com\/hu\/logistik-verpackung\/\">Continued<\/a><\/p>\n","protected":false},"author":1,"featured_media":1809,"parent":0,"menu_order":0,"comment_status":"closed","ping_status":"closed","template":"sub-page.php","meta":{"_acf_changed":false,"footnotes":""},"class_list":["post-782","page","type-page","status-publish","has-post-thumbnail","hentry"],"acf":[],"yoast_head":"<!-- This site is optimized with the Yoast SEO plugin v22.0 - https:\/\/yoast.com\/wordpress\/plugins\/seo\/ -->\n<title>Logisztika - Kroneisl-Stahl<\/title>\n<meta name=\"description\" content=\"Professionelle &amp; zuverl\u00e4ssige Transportlogistik: Direktversand vom Hersteller ohne Zwischenlagerung! Verschiedenste Verpackungen &amp; Auslieferungsm\u00f6glichkeiten auf Ihre Bed\u00fcrfnisse abgestimmt. Wir beraten Sie gerne!\" \/>\n<meta name=\"robots\" content=\"index, follow, max-snippet:-1, max-image-preview:large, max-video-preview:-1\" \/>\n<link rel=\"canonical\" href=\"https:\/\/kroneisl-stahl.com\/hu\/logistik-verpackung\/\" \/>\n<meta property=\"og:locale\" content=\"hu_HU\" \/>\n<meta property=\"og:type\" content=\"article\" \/>\n<meta property=\"og:title\" content=\"Logisztika - Kroneisl-Stahl\" \/>\n<meta property=\"og:description\" content=\"Professionelle &amp; zuverl\u00e4ssige Transportlogistik: Direktversand vom Hersteller ohne Zwischenlagerung! Verschiedenste Verpackungen &amp; Auslieferungsm\u00f6glichkeiten auf Ihre Bed\u00fcrfnisse abgestimmt. Wir beraten Sie gerne!\" \/>\n<meta property=\"og:url\" content=\"https:\/\/kroneisl-stahl.com\/hu\/logistik-verpackung\/\" \/>\n<meta property=\"og:site_name\" content=\"Kroneisl-Stahl\" \/>\n<meta property=\"article:modified_time\" content=\"2019-10-21T07:31:57+00:00\" \/>\n<meta property=\"og:image\" content=\"https:\/\/kroneisl-stahl.com\/wp-content\/uploads\/2018\/06\/delivery-stock-background-1.jpg\" \/>\n\t<meta property=\"og:image:width\" content=\"2000\" \/>\n\t<meta property=\"og:image:height\" content=\"753\" \/>\n\t<meta property=\"og:image:type\" content=\"image\/jpeg\" \/>\n<meta name=\"twitter:card\" content=\"summary_large_image\" \/>\n<meta name=\"twitter:label1\" content=\"Becs\u00fclt olvas\u00e1si id\u0151\" \/>\n\t<meta name=\"twitter:data1\" content=\"2 perc\" \/>\n<script type=\"application\/ld+json\" class=\"yoast-schema-graph\">{\"@context\":\"https:\/\/schema.org\",\"@graph\":[{\"@type\":\"WebPage\",\"@id\":\"https:\/\/kroneisl-stahl.com\/hu\/logistik-verpackung\/\",\"url\":\"https:\/\/kroneisl-stahl.com\/hu\/logistik-verpackung\/\",\"name\":\"Logisztika - Kroneisl-Stahl\",\"isPartOf\":{\"@id\":\"https:\/\/kroneisl-stahl.com\/#website\"},\"datePublished\":\"2017-09-24T15:57:24+00:00\",\"dateModified\":\"2019-10-21T07:31:57+00:00\",\"description\":\"Professionelle & zuverl\u00e4ssige Transportlogistik: Direktversand vom Hersteller ohne Zwischenlagerung! Verschiedenste Verpackungen & Auslieferungsm\u00f6glichkeiten auf Ihre Bed\u00fcrfnisse abgestimmt. Wir beraten Sie gerne!\",\"breadcrumb\":{\"@id\":\"https:\/\/kroneisl-stahl.com\/hu\/logistik-verpackung\/#breadcrumb\"},\"inLanguage\":\"hu\",\"potentialAction\":[{\"@type\":\"ReadAction\",\"target\":[\"https:\/\/kroneisl-stahl.com\/hu\/logistik-verpackung\/\"]}]},{\"@type\":\"BreadcrumbList\",\"@id\":\"https:\/\/kroneisl-stahl.com\/hu\/logistik-verpackung\/#breadcrumb\",\"itemListElement\":[{\"@type\":\"ListItem\",\"position\":1,\"name\":\"Home\",\"item\":\"https:\/\/kroneisl-stahl.com\/hu\/\"},{\"@type\":\"ListItem\",\"position\":2,\"name\":\"Logisztika\"}]},{\"@type\":\"WebSite\",\"@id\":\"https:\/\/kroneisl-stahl.com\/#website\",\"url\":\"https:\/\/kroneisl-stahl.com\/\",\"name\":\"Kroneisl-Stahl\",\"description\":\"\",\"potentialAction\":[{\"@type\":\"SearchAction\",\"target\":{\"@type\":\"EntryPoint\",\"urlTemplate\":\"https:\/\/kroneisl-stahl.com\/?s={search_term_string}\"},\"query-input\":\"required name=search_term_string\"}],\"inLanguage\":\"hu\"}]}<\/script>\n<!-- \/ Yoast SEO plugin. -->","yoast_head_json":{"title":"Logisztika - Kroneisl-Stahl","description":"Professionelle & zuverl\u00e4ssige Transportlogistik: Direktversand vom Hersteller ohne Zwischenlagerung! Verschiedenste Verpackungen & Auslieferungsm\u00f6glichkeiten auf Ihre Bed\u00fcrfnisse abgestimmt. Wir beraten Sie gerne!","robots":{"index":"index","follow":"follow","max-snippet":"max-snippet:-1","max-image-preview":"max-image-preview:large","max-video-preview":"max-video-preview:-1"},"canonical":"https:\/\/kroneisl-stahl.com\/hu\/logistik-verpackung\/","og_locale":"hu_HU","og_type":"article","og_title":"Logisztika - Kroneisl-Stahl","og_description":"Professionelle & zuverl\u00e4ssige Transportlogistik: Direktversand vom Hersteller ohne Zwischenlagerung! Verschiedenste Verpackungen & Auslieferungsm\u00f6glichkeiten auf Ihre Bed\u00fcrfnisse abgestimmt. Wir beraten Sie gerne!","og_url":"https:\/\/kroneisl-stahl.com\/hu\/logistik-verpackung\/","og_site_name":"Kroneisl-Stahl","article_modified_time":"2019-10-21T07:31:57+00:00","og_image":[{"width":2000,"height":753,"url":"https:\/\/kroneisl-stahl.com\/wp-content\/uploads\/2018\/06\/delivery-stock-background-1.jpg","type":"image\/jpeg"}],"twitter_card":"summary_large_image","twitter_misc":{"Becs\u00fclt olvas\u00e1si id\u0151":"2 perc"},"schema":{"@context":"https:\/\/schema.org","@graph":[{"@type":"WebPage","@id":"https:\/\/kroneisl-stahl.com\/hu\/logistik-verpackung\/","url":"https:\/\/kroneisl-stahl.com\/hu\/logistik-verpackung\/","name":"Logisztika - Kroneisl-Stahl","isPartOf":{"@id":"https:\/\/kroneisl-stahl.com\/#website"},"datePublished":"2017-09-24T15:57:24+00:00","dateModified":"2019-10-21T07:31:57+00:00","description":"Professionelle & zuverl\u00e4ssige Transportlogistik: Direktversand vom Hersteller ohne Zwischenlagerung! Verschiedenste Verpackungen & Auslieferungsm\u00f6glichkeiten auf Ihre Bed\u00fcrfnisse abgestimmt. Wir beraten Sie gerne!","breadcrumb":{"@id":"https:\/\/kroneisl-stahl.com\/hu\/logistik-verpackung\/#breadcrumb"},"inLanguage":"hu","potentialAction":[{"@type":"ReadAction","target":["https:\/\/kroneisl-stahl.com\/hu\/logistik-verpackung\/"]}]},{"@type":"BreadcrumbList","@id":"https:\/\/kroneisl-stahl.com\/hu\/logistik-verpackung\/#breadcrumb","itemListElement":[{"@type":"ListItem","position":1,"name":"Home","item":"https:\/\/kroneisl-stahl.com\/hu\/"},{"@type":"ListItem","position":2,"name":"Logisztika"}]},{"@type":"WebSite","@id":"https:\/\/kroneisl-stahl.com\/#website","url":"https:\/\/kroneisl-stahl.com\/","name":"Kroneisl-Stahl","description":"","potentialAction":[{"@type":"SearchAction","target":{"@type":"EntryPoint","urlTemplate":"https:\/\/kroneisl-stahl.com\/?s={search_term_string}"},"query-input":"required name=search_term_string"}],"inLanguage":"hu"}]}},"_links":{"self":[{"href":"https:\/\/kroneisl-stahl.com\/hu\/wp-json\/wp\/v2\/pages\/782","targetHints":{"allow":["GET"]}}],"collection":[{"href":"https:\/\/kroneisl-stahl.com\/hu\/wp-json\/wp\/v2\/pages"}],"about":[{"href":"https:\/\/kroneisl-stahl.com\/hu\/wp-json\/wp\/v2\/types\/page"}],"author":[{"embeddable":true,"href":"https:\/\/kroneisl-stahl.com\/hu\/wp-json\/wp\/v2\/users\/1"}],"replies":[{"embeddable":true,"href":"https:\/\/kroneisl-stahl.com\/hu\/wp-json\/wp\/v2\/comments?post=782"}],"version-history":[{"count":11,"href":"https:\/\/kroneisl-stahl.com\/hu\/wp-json\/wp\/v2\/pages\/782\/revisions"}],"predecessor-version":[{"id":2756,"href":"https:\/\/kroneisl-stahl.com\/hu\/wp-json\/wp\/v2\/pages\/782\/revisions\/2756"}],"wp:featuredmedia":[{"embeddable":true,"href":"https:\/\/kroneisl-stahl.com\/hu\/wp-json\/wp\/v2\/media\/1809"}],"wp:attachment":[{"href":"https:\/\/kroneisl-stahl.com\/hu\/wp-json\/wp\/v2\/media?parent=782"}],"curies":[{"name":"wp","href":"https:\/\/api.w.org\/{rel}","templated":true}]}}