{"id":809,"date":"2017-10-09T10:34:16","date_gmt":"2017-10-09T10:34:16","guid":{"rendered":"https:\/\/kroneisl-stahl.com\/uber-uns"},"modified":"2019-10-01T18:09:00","modified_gmt":"2019-10-01T18:09:00","slug":"o-nas","status":"publish","type":"page","link":"https:\/\/kroneisl-stahl.com\/cs\/o-nas\/","title":{"rendered":"O n\u00e1s"},"content":{"rendered":"<h2 style=\"text-align: center;\">DESETILET\u00cd ZNALOST\u00cd TRHU A NEKOMPROMISN\u00cd ORIENTACE NA Z\u00c1KAZN\u00cdKY UMO\u017dNILY UDR\u017dITELN\u00dd R\u016eST NA\u0160\u00cd FIRMY<\/h2>\n<p>Jsme rodinn\u00fd podnik, kter\u00fd v roce 1989 spole\u010dn\u011b zalo\u017eili Erwin Marandiuk a Walter Kroneisl a kter\u00fd i dnes \u0159\u00edd\u00ed jeho majitel\u00e9. D\u00edky solidn\u00edmu pl\u00e1nov\u00e1n\u00ed do budoucna a neust\u00e1l\u00e9mu z\u00edsk\u00e1v\u00e1n\u00ed nov\u00fdch trh\u016f je dnes firma Kroneisl-Stahl jedn\u00edm z p\u0159edn\u00edch velkoobchodn\u00edk\u016f s ocelov\u00fdmi plechy v Rakousku. Po zalo\u017een\u00ed na\u0161\u00ed dce\u0159in\u00e9 spole\u010dnosti v \u010cesk\u00e9 republice a otev\u0159en\u00ed obchodn\u00edho zastoupen\u00ed v Ma\u010farsku jsme na\u0161li n\u00e1\u0161 dom\u00e1c\u00ed trh ve st\u0159edn\u00ed a v\u00fdchodn\u00ed Evrop\u011b (CEE).<\/p>\n<p>Abychom usp\u011bli v konkurenci p\u0159i dod\u00e1vk\u00e1ch velk\u00fdm koncov\u00fdm spot\u0159ebitel\u016fm, je zna\u010dn\u00e1 \u010d\u00e1st na\u0161eho obratu realizov\u00e1na formou dod\u00e1vek t\u0159et\u00ed stranou \u2013 jako p\u0159\u00edm\u00e9 dod\u00e1vky od v\u00fdrobce bez do\u010dasn\u00e9ho skladov\u00e1n\u00ed. Umo\u017e\u0148uj\u00ed to na\u0161e dlouholet\u00e9 dobr\u00e9 vztahy s mnoha evropsk\u00fdmi ocel\u00e1rnami, zejm\u00e9na v It\u00e1lii, N\u011bmecku a ve v\u00fdchodn\u00ed Evrop\u011b.<\/p>\n<table>\n<tbody>\n<tr>\n<td>\n<h1 style=\"text-align: center;\"><strong>&gt; 1 Mio.<\/strong><\/h1>\n<p style=\"text-align: center;\">T\u00f3ny oceli byly dod\u00e1ny od existence spole\u010dnosti<\/p>\n<\/td>\n<td><\/td>\n<td>\n<h1 style=\"text-align: center;\"><strong>10.000 <\/strong><\/h1>\n<p style=\"text-align: center;\">V pr\u016fm\u011bru udr\u017eujeme st\u00e1lou z\u00e1sobu tun oceli<\/p>\n<\/td>\n<td><\/td>\n<td>\n<h1 style=\"text-align: center;\"><strong>9<\/strong><\/h1>\n<p style=\"text-align: center;\">Skladovac\u00ed m\u00edsta v 6 zem\u00edch EU jsou k dispozici<\/p>\n<\/td>\n<\/tr>\n<\/tbody>\n<\/table>\n<table>\n<tbody>\n<tr>\n<td>\n<h1 style=\"text-align: center;\"><strong>71 %<\/strong><\/h1>\n<p style=\"text-align: center;\">V\u00fdvozn\u00ed kv\u00f3ta, kterou jsme dos\u00e1hli v roce 2018<\/p>\n<\/td>\n<td><\/td>\n<td>\n<h1 style=\"text-align: center;\"><strong>13<\/strong><\/h1>\n<p style=\"text-align: center;\">Na\u0161\u00edm z\u00e1kazn\u00edkem jsou evrop\u0161t\u00ed l\u00edd\u0159i trhu<\/p>\n<\/td>\n<td><\/td>\n<td>\n<h1 style=\"text-align: center;\"><strong>11<\/strong><\/h1>\n<p style=\"text-align: center;\">r\u016fzn\u00e9 zem\u011b n\u00e1m dod\u00e1v\u00e1me<\/p>\n<\/td>\n<\/tr>\n<\/tbody>\n<\/table>\n<table>\n<tbody>\n<tr>\n<td>\n<h1 style=\"text-align: center;\"><strong>63<\/strong><\/h1>\n<p style=\"text-align: center;\">Z\u00e1kazn\u00edci se nach\u00e1zej\u00ed necel\u00fdch 500 km od na\u0161eho s\u00eddla<\/p>\n<\/td>\n<td><\/td>\n<td>\n<h1 style=\"text-align: center;\"><strong>14<\/strong><\/h1>\n<p style=\"text-align: center;\">Kamionov\u00e1 p\u0159eprava je denn\u011b dostupn\u00e1 na\u0161im z\u00e1kazn\u00edk\u016fm<\/p>\n<\/td>\n<td><\/td>\n<td>\n<h1 style=\"text-align: center;\"><strong>&gt; 150<\/strong><\/h1>\n<p style=\"text-align: center;\">Ji\u017e 20 let dod\u00e1v\u00e1me z\u00e1kazn\u00edk\u016fm bez p\u0159eru\u0161en\u00ed<\/p>\n<\/td>\n<\/tr>\n<\/tbody>\n<\/table>\n<p><\/p>\n","protected":false},"excerpt":{"rendered":"<p>DESETILET\u00cd ZNALOST\u00cd TRHU A NEKOMPROMISN\u00cd ORIENTACE NA Z\u00c1KAZN\u00cdKY UMO\u017dNILY UDR\u017dITELN\u00dd R\u016eST NA\u0160\u00cd FIRMY Jsme rodinn\u00fd podnik, kter\u00fd v roce 1989 spole\u010dn\u011b zalo\u017eili Erwin Marandiuk a Walter Kroneisl a kter\u00fd i dnes \u0159\u00edd\u00ed jeho majitel\u00e9. D\u00edky solidn\u00edmu pl\u00e1nov\u00e1n\u00ed do budoucna a neust\u00e1l\u00e9mu z\u00edsk\u00e1v\u00e1n\u00ed nov\u00fdch trh\u016f je dnes firma Kroneisl-Stahl jedn\u00edm z p\u0159edn\u00edch velkoobchodn\u00edk\u016f s ocelov\u00fdmi plechy &hellip; <a href=\"https:\/\/kroneisl-stahl.com\/cs\/o-nas\/\">Continued<\/a><\/p>\n","protected":false},"author":1,"featured_media":1368,"parent":0,"menu_order":0,"comment_status":"closed","ping_status":"closed","template":"sub-page.php","meta":{"_acf_changed":false,"footnotes":""},"class_list":["post-809","page","type-page","status-publish","has-post-thumbnail","hentry"],"acf":[],"yoast_head":"<!-- This site is optimized with the Yoast SEO plugin v22.0 - https:\/\/yoast.com\/wordpress\/plugins\/seo\/ -->\n<title>O n\u00e1s - Kroneisl-Stahl<\/title>\n<meta name=\"description\" content=\"Znalost zvukov\u00fdch trh\u016f a jedine\u010dn\u00e1 orientace na z\u00e1kazn\u00edka! Seznamte se s firmou Kroneisl-Stahl a zjist\u011bte, jak jsme se rozvinuli do nejv\u011bt\u0161\u00ed obchodn\u00ed spole\u010dnosti v Rakousku.\" \/>\n<meta name=\"robots\" content=\"index, follow, max-snippet:-1, max-image-preview:large, max-video-preview:-1\" \/>\n<link rel=\"canonical\" href=\"https:\/\/kroneisl-stahl.com\/cs\/o-nas\/\" \/>\n<meta property=\"og:locale\" content=\"cs_CZ\" \/>\n<meta property=\"og:type\" content=\"article\" \/>\n<meta property=\"og:title\" content=\"O n\u00e1s - Kroneisl-Stahl\" \/>\n<meta property=\"og:description\" content=\"Znalost zvukov\u00fdch trh\u016f a jedine\u010dn\u00e1 orientace na z\u00e1kazn\u00edka! Seznamte se s firmou Kroneisl-Stahl a zjist\u011bte, jak jsme se rozvinuli do nejv\u011bt\u0161\u00ed obchodn\u00ed spole\u010dnosti v Rakousku.\" \/>\n<meta property=\"og:url\" content=\"https:\/\/kroneisl-stahl.com\/cs\/o-nas\/\" \/>\n<meta property=\"og:site_name\" content=\"Kroneisl-Stahl\" \/>\n<meta property=\"article:modified_time\" content=\"2019-10-01T18:09:00+00:00\" \/>\n<meta property=\"og:image\" content=\"https:\/\/kroneisl-stahl.com\/wp-content\/uploads\/2018\/06\/about-us-1.jpg\" \/>\n\t<meta property=\"og:image:width\" content=\"2000\" \/>\n\t<meta property=\"og:image:height\" content=\"753\" \/>\n\t<meta property=\"og:image:type\" content=\"image\/jpeg\" \/>\n<meta name=\"twitter:card\" content=\"summary_large_image\" \/>\n<meta name=\"twitter:label1\" content=\"Odhadovan\u00e1 doba \u010dten\u00ed\" \/>\n\t<meta name=\"twitter:data1\" content=\"1 minuta\" \/>\n<script type=\"application\/ld+json\" class=\"yoast-schema-graph\">{\"@context\":\"https:\/\/schema.org\",\"@graph\":[{\"@type\":\"WebPage\",\"@id\":\"https:\/\/kroneisl-stahl.com\/cs\/o-nas\/\",\"url\":\"https:\/\/kroneisl-stahl.com\/cs\/o-nas\/\",\"name\":\"O n\u00e1s - Kroneisl-Stahl\",\"isPartOf\":{\"@id\":\"https:\/\/kroneisl-stahl.com\/#website\"},\"datePublished\":\"2017-10-09T10:34:16+00:00\",\"dateModified\":\"2019-10-01T18:09:00+00:00\",\"description\":\"Znalost zvukov\u00fdch trh\u016f a jedine\u010dn\u00e1 orientace na z\u00e1kazn\u00edka! Seznamte se s firmou Kroneisl-Stahl a zjist\u011bte, jak jsme se rozvinuli do nejv\u011bt\u0161\u00ed obchodn\u00ed spole\u010dnosti v Rakousku.\",\"breadcrumb\":{\"@id\":\"https:\/\/kroneisl-stahl.com\/cs\/o-nas\/#breadcrumb\"},\"inLanguage\":\"cs\",\"potentialAction\":[{\"@type\":\"ReadAction\",\"target\":[\"https:\/\/kroneisl-stahl.com\/cs\/o-nas\/\"]}]},{\"@type\":\"BreadcrumbList\",\"@id\":\"https:\/\/kroneisl-stahl.com\/cs\/o-nas\/#breadcrumb\",\"itemListElement\":[{\"@type\":\"ListItem\",\"position\":1,\"name\":\"Home\",\"item\":\"https:\/\/kroneisl-stahl.com\/cs\/\"},{\"@type\":\"ListItem\",\"position\":2,\"name\":\"O n\u00e1s\"}]},{\"@type\":\"WebSite\",\"@id\":\"https:\/\/kroneisl-stahl.com\/#website\",\"url\":\"https:\/\/kroneisl-stahl.com\/\",\"name\":\"Kroneisl-Stahl\",\"description\":\"\",\"potentialAction\":[{\"@type\":\"SearchAction\",\"target\":{\"@type\":\"EntryPoint\",\"urlTemplate\":\"https:\/\/kroneisl-stahl.com\/?s={search_term_string}\"},\"query-input\":\"required name=search_term_string\"}],\"inLanguage\":\"cs\"}]}<\/script>\n<!-- \/ Yoast SEO plugin. -->","yoast_head_json":{"title":"O n\u00e1s - Kroneisl-Stahl","description":"Znalost zvukov\u00fdch trh\u016f a jedine\u010dn\u00e1 orientace na z\u00e1kazn\u00edka! Seznamte se s firmou Kroneisl-Stahl a zjist\u011bte, jak jsme se rozvinuli do nejv\u011bt\u0161\u00ed obchodn\u00ed spole\u010dnosti v Rakousku.","robots":{"index":"index","follow":"follow","max-snippet":"max-snippet:-1","max-image-preview":"max-image-preview:large","max-video-preview":"max-video-preview:-1"},"canonical":"https:\/\/kroneisl-stahl.com\/cs\/o-nas\/","og_locale":"cs_CZ","og_type":"article","og_title":"O n\u00e1s - Kroneisl-Stahl","og_description":"Znalost zvukov\u00fdch trh\u016f a jedine\u010dn\u00e1 orientace na z\u00e1kazn\u00edka! Seznamte se s firmou Kroneisl-Stahl a zjist\u011bte, jak jsme se rozvinuli do nejv\u011bt\u0161\u00ed obchodn\u00ed spole\u010dnosti v Rakousku.","og_url":"https:\/\/kroneisl-stahl.com\/cs\/o-nas\/","og_site_name":"Kroneisl-Stahl","article_modified_time":"2019-10-01T18:09:00+00:00","og_image":[{"width":2000,"height":753,"url":"https:\/\/kroneisl-stahl.com\/wp-content\/uploads\/2018\/06\/about-us-1.jpg","type":"image\/jpeg"}],"twitter_card":"summary_large_image","twitter_misc":{"Odhadovan\u00e1 doba \u010dten\u00ed":"1 minuta"},"schema":{"@context":"https:\/\/schema.org","@graph":[{"@type":"WebPage","@id":"https:\/\/kroneisl-stahl.com\/cs\/o-nas\/","url":"https:\/\/kroneisl-stahl.com\/cs\/o-nas\/","name":"O n\u00e1s - Kroneisl-Stahl","isPartOf":{"@id":"https:\/\/kroneisl-stahl.com\/#website"},"datePublished":"2017-10-09T10:34:16+00:00","dateModified":"2019-10-01T18:09:00+00:00","description":"Znalost zvukov\u00fdch trh\u016f a jedine\u010dn\u00e1 orientace na z\u00e1kazn\u00edka! Seznamte se s firmou Kroneisl-Stahl a zjist\u011bte, jak jsme se rozvinuli do nejv\u011bt\u0161\u00ed obchodn\u00ed spole\u010dnosti v Rakousku.","breadcrumb":{"@id":"https:\/\/kroneisl-stahl.com\/cs\/o-nas\/#breadcrumb"},"inLanguage":"cs","potentialAction":[{"@type":"ReadAction","target":["https:\/\/kroneisl-stahl.com\/cs\/o-nas\/"]}]},{"@type":"BreadcrumbList","@id":"https:\/\/kroneisl-stahl.com\/cs\/o-nas\/#breadcrumb","itemListElement":[{"@type":"ListItem","position":1,"name":"Home","item":"https:\/\/kroneisl-stahl.com\/cs\/"},{"@type":"ListItem","position":2,"name":"O n\u00e1s"}]},{"@type":"WebSite","@id":"https:\/\/kroneisl-stahl.com\/#website","url":"https:\/\/kroneisl-stahl.com\/","name":"Kroneisl-Stahl","description":"","potentialAction":[{"@type":"SearchAction","target":{"@type":"EntryPoint","urlTemplate":"https:\/\/kroneisl-stahl.com\/?s={search_term_string}"},"query-input":"required name=search_term_string"}],"inLanguage":"cs"}]}},"_links":{"self":[{"href":"https:\/\/kroneisl-stahl.com\/cs\/wp-json\/wp\/v2\/pages\/809","targetHints":{"allow":["GET"]}}],"collection":[{"href":"https:\/\/kroneisl-stahl.com\/cs\/wp-json\/wp\/v2\/pages"}],"about":[{"href":"https:\/\/kroneisl-stahl.com\/cs\/wp-json\/wp\/v2\/types\/page"}],"author":[{"embeddable":true,"href":"https:\/\/kroneisl-stahl.com\/cs\/wp-json\/wp\/v2\/users\/1"}],"replies":[{"embeddable":true,"href":"https:\/\/kroneisl-stahl.com\/cs\/wp-json\/wp\/v2\/comments?post=809"}],"version-history":[{"count":8,"href":"https:\/\/kroneisl-stahl.com\/cs\/wp-json\/wp\/v2\/pages\/809\/revisions"}],"predecessor-version":[{"id":2667,"href":"https:\/\/kroneisl-stahl.com\/cs\/wp-json\/wp\/v2\/pages\/809\/revisions\/2667"}],"wp:featuredmedia":[{"embeddable":true,"href":"https:\/\/kroneisl-stahl.com\/cs\/wp-json\/wp\/v2\/media\/1368"}],"wp:attachment":[{"href":"https:\/\/kroneisl-stahl.com\/cs\/wp-json\/wp\/v2\/media?parent=809"}],"curies":[{"name":"wp","href":"https:\/\/api.w.org\/{rel}","templated":true}]}}